{"id":13780,"date":"2022-03-21T09:34:50","date_gmt":"2022-03-21T08:34:50","guid":{"rendered":"https:\/\/www.vmm.eu\/?post_type=specialist&#038;p=13780"},"modified":"2024-05-15T17:01:27","modified_gmt":"2024-05-15T15:01:27","slug":"kirsten-lehmann","status":"publish","type":"specialist","link":"https:\/\/www.vmm.eu\/en\/specialist\/kirsten-lehmann\/","title":{"rendered":"Kirsten Lehmann"},"content":{"rendered":"<div class=\"container-fluid p-xl-0 customer-gutenberg-header-interviews mb-4 mb-lg-6 mb-xl-8\" id=\"customer-gutenberg-block_623832cfaa88b\">\n\t\t\t<div class=\"row no-gutters align-items-center customer-gutenberg-header-interviews-bg\">\n\t\t\t\t<div class=\"col-12 col-xl-6 offset-xl-3 text-center customer-gutenberg-header-interviews-bg\">\n\n\t\t\t\t\t<div class=\"customer-gutenberg-header-interviews-bg-wrapper\">\n\t\t\t\t\t\t<div class=\"text-center customer-gutenberg-header-interviews-bg-image\">\n\t\t\t\t\t\t\t<img decoding=\"async\" class=\"customer-gutenberg-header-interviews-bg-image-src img-fluid\" src=\"https:\/\/www.vmm.eu\/wp-content\/uploads\/2022\/03\/220321_Kirsten_Lehmann-1558x1558.jpg\" alt=\"Kirsten Lehmann zeichnet als Designerin f\u00fcr visuelles Marketing Kreativit\u00e4t mit breiter Perspektive aus.\">\n\t\t\t\t\t\t<\/div>\n\t\t\t\t\t<\/div>\n\t\t\t\t\t\t\n\t\t\t\t\t<div class=\"customer-gutenberg-header-interviews-content p-5\">\n\t\t\t\t\t\t\t\t\t\t\t\t\t<h2 class=\"customer-gutenberg-header-interviews-content-headline customer-text-headline-1\">Kirsten Lehmann zeichnet als Designerin f\u00fcr visuelles Marketing Kreativit\u00e4t mit breiter Perspektive aus.<\/h2>\n\t\t\t\t\t\t\t\t\t\t\t\t\t\t\t\t\t\t\t<p class=\"customer-gutenberg-header-interviews-content-subtitle m-0 customer-text-copy-1\">Nehmen Sie mit Kirsten Lehmann Kontakt auf:<\/p>\n\t\t\t\t\t\t\t\t\t\t\t\t\t\t\t\t\t\t\t<p class=\"customer-gutenberg-header-interviews-content-subtitle m-0 customer-text-copy-1\">kirsten.lehmann@vmm.eu<\/p>\n\t\t\t\t\t\t\t\t\t\t\t<\/div>\n\n\t\t\t\t<\/div>\n\t\t\t<\/div>\n\t\t<\/div><div class=\"container customer-gutenberg-intro-quote \" id=\"customer-gutenberg-block_623834e0aa88c\">\n\n\t\t\t<div class=\"row\">\n\t\t\t<div class=\"col col-lg-7 offset-lg-2\">\n\t\t\t\t<p><strong>Aktuell arbeite ich als Grafik-Designerin in der Content Factory \u2013 wir geh\u00f6ren zum Global Marketing von Europas gr\u00f6\u00dftem Schuhretailer Deichmann. Ich bin eine Kreative mit Sinn f\u00fcr Gestaltung, gepaart mit Organisationstalent, also Projektmanagement sowie Einzelhandelserfahren.<\/strong><\/p>\n\t\t\t<\/div>\n\t\t<\/div>\n\t\n\t\t\t<div class=\"row\">\n\t\t\t<div class=\"col-11 offset-1 col-sm-10 offset-sm-2 col-lg-8 offset-lg-3 col-xl-6 offset-xl-5\">\n\t\t\t\t\t\t\t\t<blockquote class=\"blockquote customer-text-copy-3 \" >\n\t\t\t\t\t<p> \u201eIch freue mich meine langj\u00e4hrige und breit gef\u00e4cherte Erfahrung im Netzwerk des VMM einzubringen \u2013 auch bei Fragen von j\u00fcngeren Mitgliedern zum Thema Weiterbildung!\u201c <\/p>\n\t\t\t\t<\/blockquote>\n\t\t\t<\/div>\n\t\t<\/div>\n\t\n\t\t\t<div class=\"row\">\n\t\t\t<div class=\"col col-lg-7 offset-lg-2\">\n\t\t\t\t<div class=\"page\" title=\"Page 1\">\n<div class=\"section\">\n<div class=\"layoutArea\">\n<div class=\"column\">\n<p>Im Bereich Grafik-Design erstelle und beurteile ich Entw\u00fcrfe, Zeichnungen und Illustrationen, Druckabnahmen eingeschlossen. Hier geht es von POS-Aktionen \u00fcber Kampagnen bis zur Prospekterstellung f\u00fcr alle Deichmann L\u00e4nder. Zudem bin ich Ausbilderin von Sarah, sie erlernt mit viel Eifer den Beruf Mediengestalter.<\/p>\n<\/div>\n<\/div>\n<\/div>\n<\/div>\n\t\t\t<\/div>\n\t\t<\/div>\n\t\t\t\n<\/div><div class=\"container overflow-hidden customer-gutenberg-images-2-horizontal mb-4 \" id=\"customer-gutenberg-block_626fdb4144f09\">\n\t<div class=\"row align-items-center justify-content-center\">\n\t\t<div class=\"col-12 col-lg-6\">\t\t\t<div class=\"customer-gutenberg-images-2-horizontal-src d-none d-lg-block\" style=\"background-image: url(https:\/\/www.vmm.eu\/wp-content\/uploads\/2022\/03\/Ausbildung-e1651498002936.jpg);\">&nbsp;<\/div>\n\t\t\t<img decoding=\"async\" class=\"img-fluid d-block d-lg-none mb-5\" src=\"https:\/\/www.vmm.eu\/wp-content\/uploads\/2022\/03\/Ausbildung-e1651498002936.jpg\">\n\t\t<\/div>\t\t<div class=\"col-12 col-lg-6 text-center\">\t\t\t<div class=\"customer-gutenberg-images-2-horizontal-src d-none d-lg-block\" style=\"background-image: url(https:\/\/www.vmm.eu\/wp-content\/uploads\/2022\/03\/Kirstenatwork-scaled.jpg);\">&nbsp;<\/div>\n\t\t\t<img decoding=\"async\" class=\"img-fluid d-block d-lg-none\" src=\"https:\/\/www.vmm.eu\/wp-content\/uploads\/2022\/03\/Kirstenatwork-scaled.jpg\">\n\t\t<\/div>\t<\/div>\n<\/div><div class=\"container customer-gutenberg-textblock \" id=\"customer-gutenberg-block_6252d5bd93b33\">\n\t<div class=\"row\">\n\t\t<div class=\"col col-lg-7 offset-lg-2\">\n\t\t\t<p>Im Bereich Visual Merchandising bei C&amp;A layoutete ich Guidelines und bereitete die ben\u00f6tigten Wareninhalte vor, stylte und fotografierte diese, inklusive der Bildbearbeitung. Drei mal im Jahr bereiteten wir eine saisonale, europ\u00e4ische H\u00e4userinformation in Form eines Mitarbeitermagazins vor. Per Video unterst\u00fctzten wir die L\u00e4nder in der Umsetzung der VM Richtlinien.<\/p>\n<p>In den Jahren zuvor geh\u00f6rten die Konzipierung und Umsetzung von zielgruppenspezifischen, verkaufsf\u00f6rdernden Gestaltungskonzepten \u2013 grafisch und r\u00e4umlich \u2013 zu meinen Aufgaben, dies immer unter Ber\u00fccksichtigung des Corporate Designs und des gesamten Werbeauftritts, sowie der Situation in gro\u00dfen und kleinen H\u00e4usern vor Ort. Dies alles in Zusammenarbeit mit internen Grafik- und Marketing-Kollegen, internationalen Agenturen und Herstellern, sowie Steuerung von externen Dekomitarbeitern. Photoshop und InDesign sind mir bestens vertraut.<\/p>\n<p>&nbsp;<\/p>\n\t\t<\/div>\n\t<\/div>\n<\/div><div class=\"container overflow-hidden customer-gutenberg-images-2-horizontal mb-4 \" id=\"customer-gutenberg-block_626fda7744f06\">\n\t<div class=\"row align-items-center justify-content-center\">\n\t\t<div class=\"col-12 col-lg-6\">\t\t\t<div class=\"customer-gutenberg-images-2-horizontal-src d-none d-lg-block\" style=\"background-image: url(https:\/\/www.vmm.eu\/wp-content\/uploads\/2022\/03\/KL_Azubi_Druckerei-scaled.jpg);\">&nbsp;<\/div>\n\t\t\t<img decoding=\"async\" class=\"img-fluid d-block d-lg-none mb-5\" src=\"https:\/\/www.vmm.eu\/wp-content\/uploads\/2022\/03\/KL_Azubi_Druckerei-scaled.jpg\">\n\t\t<\/div>\t\t<div class=\"col-12 col-lg-6 text-center\">\t\t\t<div class=\"customer-gutenberg-images-2-horizontal-src d-none d-lg-block\" style=\"background-image: url(https:\/\/www.vmm.eu\/wp-content\/uploads\/2022\/03\/KirstenatDeichmann-scaled.jpg);\">&nbsp;<\/div>\n\t\t\t<img decoding=\"async\" class=\"img-fluid d-block d-lg-none\" src=\"https:\/\/www.vmm.eu\/wp-content\/uploads\/2022\/03\/KirstenatDeichmann-scaled.jpg\">\n\t\t<\/div>\t<\/div>\n<\/div><div class=\"container customer-gutenberg-textblock \" id=\"customer-gutenberg-block_626fdabd44f07\">\n\t<div class=\"row\">\n\t\t<div class=\"col col-lg-7 offset-lg-2\">\n\t\t\t<p>Mein r\u00e4umliches Denken half mir stets bei der Entwicklung von kundenfreundlichen Displays und Schau- fenstergestaltungen. Messebesuche und Mitbewerberbeobachtung geh\u00f6rten zu meinen Aufgaben, um daraus Trends ableiten zu k\u00f6nnen.<\/p>\n<p>Neben der Fensterentwicklung geh\u00f6rten die Manualerstellung und das Training von ca. 100 europ\u00e4ischen \u201eWindow Experts\u201c in regelm\u00e4\u00dfigen Abst\u00e4nden. Meine Kreativit\u00e4t steht stets in Verbindung mit einem ausgepr\u00e4gten Kostenbewusstsein. Ordnungs- und Strukturierungsprinzipien werden dabei von mir immer bewusst genutzt. In meiner t\u00e4glichen Arbeit spreche ich ein sicheres Englisch mit Kollegen, Vorgesetzten und europ\u00e4ischen Agenturen und Herstellern.<\/p>\n<p>Als zun\u00e4chst gelernte Schauwerbegestalterin ging ich nach 2 Jahren gesammelter Berufserfahrung nach Stuttgart, an die FWS, um staatlich gepr\u00fcfte Werbegestalterin zu werden. Anschlie\u00dfend arbeitete ich auf gro\u00dfen Marken in einer Werbeagentur in M\u00fcnster als Grafik-Designerin.<\/p>\n<p>Kirsten Lehmann<br \/>\nGerhart-Hauptmann-Stra\u00dfe 18a<br \/>\n45894 Gelsenkirchen<br \/>\n0179 \/ 46 76 254<\/p>\n<p><a href=\"mailto:kirsten.lehmann@vmm.eu\">kirsten.lehmann@vmm.eu<\/a><\/p>\n<p><a href=\"https:\/\/de.linkedin.com\/in\/kirsten-lehmann-24892965\" target=\"_blank\" rel=\"noopener\">www.linkedin\/kirsten-lehmann.com<\/a><\/p>\n\t\t<\/div>\n\t<\/div>\n<\/div>","protected":false},"featured_media":13789,"template":"","meta":{"_acf_changed":false,"footnotes":""},"class_list":["post-13780","specialist","type-specialist","status-publish","has-post-thumbnail","hentry","specialist_specialized_field-visual-merchandising","specialist_specialized_field-schulung-training","specialist_specialized_field-beratung","specialist_location-gelsenkirchen"],"acf":[],"publishpress_future_workflow_manual_trigger":{"enabledWorkflows":[]},"_links":{"self":[{"href":"https:\/\/www.vmm.eu\/en\/wp-json\/wp\/v2\/specialist\/13780","targetHints":{"allow":["GET"]}}],"collection":[{"href":"https:\/\/www.vmm.eu\/en\/wp-json\/wp\/v2\/specialist"}],"about":[{"href":"https:\/\/www.vmm.eu\/en\/wp-json\/wp\/v2\/types\/specialist"}],"version-history":[{"count":24,"href":"https:\/\/www.vmm.eu\/en\/wp-json\/wp\/v2\/specialist\/13780\/revisions"}],"predecessor-version":[{"id":14430,"href":"https:\/\/www.vmm.eu\/en\/wp-json\/wp\/v2\/specialist\/13780\/revisions\/14430"}],"wp:featuredmedia":[{"embeddable":true,"href":"https:\/\/www.vmm.eu\/en\/wp-json\/wp\/v2\/media\/13789"}],"wp:attachment":[{"href":"https:\/\/www.vmm.eu\/en\/wp-json\/wp\/v2\/media?parent=13780"}],"curies":[{"name":"wp","href":"https:\/\/api.w.org\/{rel}","templated":true}]}}